{"id":22,"date":"2024-01-29T15:42:38","date_gmt":"2024-01-29T15:42:38","guid":{"rendered":"https:\/\/anitafrichot.com\/?page_id=22"},"modified":"2026-03-25T21:19:35","modified_gmt":"2026-03-25T21:19:35","slug":"om-mig","status":"publish","type":"page","link":"https:\/\/anitafrichot.com\/index.php\/om-mig\/","title":{"rendered":"CV"},"content":{"rendered":"\n<div class=\"wp-block-group alignwide has-ti-bg-alt-background-color has-background is-layout-constrained wp-container-core-group-is-layout-5edc43e1 wp-block-group-is-layout-constrained\" style=\"margin-top:0px;margin-bottom:0px;padding-top:64px;padding-bottom:64px\">\n<div class=\"wp-block-columns alignwide is-layout-flex wp-container-core-columns-is-layout-28f84493 wp-block-columns-is-layout-flex\">\n<div class=\"wp-block-column is-layout-flow wp-block-column-is-layout-flow\">\n<figure class=\"wp-block-image aligncenter size-large is-resized size-full\"><img data-opt-id=36372848  fetchpriority=\"high\" decoding=\"async\" width=\"1024\" height=\"815\" src=\"https:\/\/mlwziiafuazo.i.optimole.com\/w:1024\/h:815\/q:mauto\/ig:avif\/https:\/\/anitafrichot.com\/wp-content\/uploads\/2026\/03\/IMG_1130.jpeg\" alt=\"\" class=\"wp-image-1527\" style=\"width:479px;height:auto\" srcset=\"https:\/\/mlwziiafuazo.i.optimole.com\/w:1024\/h:815\/q:mauto\/ig:avif\/https:\/\/anitafrichot.com\/wp-content\/uploads\/2026\/03\/IMG_1130-scaled.jpeg 1024w, https:\/\/mlwziiafuazo.i.optimole.com\/w:300\/h:239\/q:mauto\/ig:avif\/https:\/\/anitafrichot.com\/wp-content\/uploads\/2026\/03\/IMG_1130-scaled.jpeg 300w, https:\/\/mlwziiafuazo.i.optimole.com\/w:768\/h:611\/q:mauto\/ig:avif\/https:\/\/anitafrichot.com\/wp-content\/uploads\/2026\/03\/IMG_1130-scaled.jpeg 768w, https:\/\/mlwziiafuazo.i.optimole.com\/w:1356\/h:1080\/q:mauto\/ig:avif\/https:\/\/anitafrichot.com\/wp-content\/uploads\/2026\/03\/IMG_1130-scaled.jpeg 1536w, https:\/\/mlwziiafuazo.i.optimole.com\/w:1356\/h:1080\/q:mauto\/ig:avif\/https:\/\/anitafrichot.com\/wp-content\/uploads\/2026\/03\/IMG_1130-scaled.jpeg 2048w\" sizes=\"(max-width: 1000px) 100vw, 1000px\" \/><\/figure>\n<\/div>\n\n\n\n<div class=\"wp-block-column is-vertically-aligned-center is-layout-flow wp-block-column-is-layout-flow\">\n<h2 class=\"wp-block-heading has-text-align-center\">Anita Frichot <\/h2>\n\n\n\n<p class=\"has-text-align-center\"><strong>Kunst, innovation og entrepren\u00f8rskab<\/strong><\/p>\n\n\n\n<p class=\"has-text-align-center\"><em>Modtager af innovationspris<\/em> v Otto Scharmer.<\/p>\n\n\n\n<p class=\"has-text-align-center\"><em>Kunstudstillinger, udsmykningsopgaver, kuratering<\/em>, grafisk kunst, tegning, mixed media, maleri. <em>Undervisning inden for tegning, grafik, vejledning og p\u00e6dagogik.<\/em> <em>Ledelse, projektledelse, facilitering og evaluering.<\/em> <em>Tv\u00e6rfaglige og tv\u00e6rg\u00e5ende udviklingsprojekter.<\/em> <em>Alternative l\u00e6rings- og vejledningsmilj\u00f8er.<\/em> <em>Netv\u00e6rk og samarbejde.<\/em> <em>Vejledning og coaching.<\/em> <em>Kommunikation og formidling. <\/em><\/p>\n<\/div>\n<\/div>\n\n\n\n<div id=\"wp-block-themeisle-blocks-advanced-columns-4705cb19\" class=\"wp-block-themeisle-blocks-advanced-columns alignfull has-1-columns has-desktop-equal-layout has-tablet-equal-layout has-mobile-collapsedRows-layout has-vertical-center ticss-c00aadba\"><div class=\"wp-block-themeisle-blocks-advanced-columns-overlay\"><\/div><div class=\"innerblocks-wrap\">\n<div id=\"wp-block-themeisle-blocks-advanced-column-d0f06455\" class=\"wp-block-themeisle-blocks-advanced-column\">\n<p><strong>CV<\/strong><\/p>\n\n\n\n<p><strong>Uddannelse<\/strong><\/p>\n\n\n\n<p>1991-1995 Grafisk Skole, Grafisk Kunst, tegning, billedkunst og kunstteori.<\/p>\n\n\n\n<p><font _mstmutation=\"1\"><\/font>2018 Aalborg Universitet: \u201dFilosofisk vejledning og kreativitet i professionsudvikling og organisationer,\u201d<\/p>\n\n\n\n<p><font _mstmutation=\"1\"><\/font>2016 Aalborg Universitet: &#8220;Professionel undren og unders\u00f8gelse\u201d<\/p>\n\n\n\n<p><font _mstmutation=\"1\"><\/font>2013 MetaCard Practioner<\/p>\n\n\n\n<p><font _mstmutation=\"1\"><\/font><font _mstmutation=\"1\" _msttexthash=\"4550\" _msthash=\"3962\">2<\/font><font _mstmutation=\"1\" _msttexthash=\"4368\" _msthash=\"3965\">0<\/font><font _mstmutation=\"1\" _msttexthash=\"4368\" _msthash=\"3968\">0<\/font><font _mstmutation=\"1\" _msttexthash=\"4914\" _msthash=\"3971\">6<\/font><font _mstmutation=\"1\" _msttexthash=\"9295\" _msthash=\"3974\"> &#8211; <\/font><font _mstmutation=\"1\" _msttexthash=\"4550\" _msthash=\"3975\">2<\/font><font _mstmutation=\"1\" _msttexthash=\"4368\" _msthash=\"3978\">0<\/font><font _mstmutation=\"1\" _msttexthash=\"4459\" _msthash=\"3981\">1<\/font><font _mstmutation=\"1\" _msttexthash=\"4368\" _msthash=\"3984\">0<\/font> <font _mstmutation=\"1\" _msttexthash=\"6242886\" _msthash=\"3956\">VIA University College Diplomuddannelse i Uddannelses-, erhvervs- og karrierevejledning vejledning<\/font><\/p>\n\n\n\n<p><font _mstmutation=\"1\"><\/font>VIA University College Professionsbachelor i ungdomsp\u00e6dagogik &#8211; p\u00e6dagog.<font _mstmutation=\"1\"><\/font><font _mstmutation=\"1\"><\/font><\/p>\n\n\n\n<p><font _mstmutation=\"1\"><\/font>1998 -2002 Designskolen Kolding, underviser i modeltegninger og eksperimenterende tegning<\/p>\n\n\n\n<p>1992 Testrup&nbsp; H\u00f8jskole, Underviser i tegning og grafik<font _mstmutation=\"1\"><\/font><\/p>\n<\/div>\n<\/div><\/div>\n\n\n\n<div id=\"wp-block-themeisle-blocks-advanced-columns-98cfbad5\" class=\"wp-block-themeisle-blocks-advanced-columns alignfull has-2-columns has-desktop-equal-layout has-tablet-equal-layout has-mobile-collapsedRows-layout has-vertical-unset has-vertical-undefined ticss-c00aadba\"><div class=\"wp-block-themeisle-blocks-advanced-columns-overlay\"><\/div><div class=\"innerblocks-wrap\">\n<div id=\"wp-block-themeisle-blocks-advanced-column-4dd12ba0\" class=\"wp-block-themeisle-blocks-advanced-column\">\n<h2 id=\"wp-block-themeisle-blocks-advanced-heading-593b9bdb\" class=\"wp-block-themeisle-blocks-advanced-heading wp-block-themeisle-blocks-advanced-heading-593b9bdb\">Udstillinger<\/h2>\n\n\n\n<p>Medlem af PROKK, SPOR KUNSTEN og Kunstnernes Fagforening<\/p>\n\n\n\n<p><font _mstmutation=\"1\"><\/font><strong>Censurerede Udstillinger<\/strong><br>1996 Kunstnernes Sommerudstilling<br>1995 Kunstnernes efter\u00e5rsudstilling<br>1994 Kunstnernes efter\u00e5rsudstilling<br>1994 Kunstnernes Vinterudstilling,<br>1993 Kunstnernes Vinterudstilling<br>1993 Kunstnernes For\u00e5rsudstilling<br>1991 Galleri Franciskas censurerede December udstilling<\/p>\n\n\n\n<p><font _mstmutation=\"1\"><\/font><\/p>\n\n\n\n<p><strong>Kommende udstillinger<\/strong><br>Vejle Kunstforening 2026<br>Kulturhus Skanderborg 2026 <\/p>\n\n\n\n<p><font _mstmutation=\"1\"><\/font><\/p>\n\n\n\n<p><font _mstmutation=\"1\"><\/font><strong>2025<\/strong><font _mstmutation=\"1\"><\/font><\/p>\n\n\n\n<p><font _mstmutation=\"1\"><\/font>SPOR KUNSTEN 2025<\/p>\n\n\n\n<p><font _mstmutation=\"1\" _msttexthash=\"1201109\" _msthash=\"8263\">Sanse Festival Odder, udstilling og event<\/font><\/p>\n\n\n\n<p><font _mstmutation=\"1\" _msttexthash=\"23387\" _msthash=\"8996\">Pop-Up udstilling &#8211; &nbsp;Prokk og Spor Kunsten<\/font><\/p>\n\n\n\n<p>Kunstudstilling VIA University College Ceresbyen<font _mstmutation=\"1\"><\/font><font _mstmutation=\"1\"><\/font><\/p>\n\n\n\n<p><strong><font _mstmutation=\"1\" _msttexthash=\"4550\" _msthash=\"7623\">2024<\/font><\/strong><\/p>\n\n\n\n<p class=\"has-text-align-left\"><font _mstmutation=\"1\" _msttexthash=\"2224755\" _msthash=\"10388\">Det Gamle Gasv\u00e6rk, P\u00e5skeudstilling, kurator og udstiller<\/font><\/p>\n\n\n\n<p>SPOR KUNSTEN 2024<\/p>\n\n\n\n<p><strong>Udsmykningsopgaver<\/strong><\/p>\n\n\n\n<p>1995-1996 Aarhus Kommunehospital<\/p>\n\n\n\n<p>1992 Malling Skole <\/p>\n\n\n\n<p><font _mstmutation=\"1\" _msttexthash=\"430560\" _msthash=\"4807\">1992 Testrup H\u00f8jskol<\/font><font _mstmutation=\"1\" _msttexthash=\"9191\" _msthash=\"15486\">e<\/font> <\/p>\n\n\n\n<p><strong>\u00c6ldre udstillinger<\/strong><font _mstmutation=\"1\"><\/font><\/p>\n\n\n\n<p>2001 &#8211; 2003 \u00c5bne V\u00e6rksteder &#8211; Kunst i \u00d8stjylland<\/p>\n\n\n\n<p>2002 Galleri Bent Hjortsh\u00f8j<\/p>\n\n\n\n<p>2001 Kongeg\u00e5rden v Kors\u00f8r Kunstforening<\/p>\n\n\n\n<p>2001 Galleri Capela<\/p>\n\n\n\n<p>1999 &#8211; 2001 \u00c5bne D\u00f8re \u00c5rhus<\/p>\n\n\n\n<p>2000 Galleri Andersen og Jul, \u00c5lborg<\/p>\n\n\n\n<p>1999 Galleri Korn, GolfArt<\/p>\n\n\n\n<p>1993 Galleri Voila <\/p>\n\n\n\n<p><font _mstmutation=\"1\" _msttexthash=\"95485\" _msthash=\"17016\"><strong>Ansat <\/strong><\/font><strong><font _mstmutation=\"1\" _msttexthash=\"95485\" _msthash=\"17016\">ved<\/font> <\/strong><\/p>\n\n\n\n<p>2010-2012 Aarhus Kommune, projektleder<\/p>\n\n\n\n<p>2012-2013 Horsens Kommune, ungecoach<\/p>\n\n\n\n<p>2013-2017 Aarhus Kommune, projektleder <\/p>\n\n\n\n<p>1998-2002 Designskolen Kolding, tegnel\u00e6rer<\/p>\n\n\n\n<p>1992 &#8211; Testrup H\u00f8jskole, h\u00f8jskolel\u00e6rer, grafik, tegning, maleri<font _mstmutation=\"1\"><\/font><\/p>\n\n\n\n<p><strong>Kunstforeninger<\/strong>:<\/p>\n\n\n\n<p><font _mstmutation=\"1\"><\/font>2002 Kunstforeningen Gaia Viborg Sygehus <\/p>\n\n\n\n<p>2002 Billund Kunstforening <\/p>\n\n\n\n<p>2001, KAS Gentofte, Kunstforening&nbsp; <\/p>\n\n\n\n<p>2001 Kors\u00f8r Kunstforening, Kunstforeningen<\/p>\n\n\n\n<p>2001 Vitus Bering Centret&nbsp;Kunstforeningen<\/p>\n\n\n\n<p>2000 Skejby Sygehus<\/p>\n\n\n\n<p>2000 Amtsg\u00e5rden Aarhus <\/p>\n\n\n\n<p>2000 Ramb\u00f8ll Kunstforening, Aarhus<\/p>\n\n\n\n<p>2000 Kunstforeningen Fritids &amp; Kulturforvaltningen Aarhus Kommune <\/p>\n\n\n\n<p>2000 Kunstforeningen Gentofte R\u00e5dhus, Kunstforeningen<\/p>\n\n\n\n<p>2000 C. F M\u00f8llers Tegnestue, Kunstforeningen, Aarhus <\/p>\n\n\n\n<p>2000 \u00c5rhus Amtssygehus Kunstforeningen<\/p>\n\n\n\n<p>2000 Stibo Datagrafik, Aarhus <\/p>\n\n\n\n<p> 1996 Peter Sabroe Seminariet, Kunstforeningen,<\/p>\n\n\n\n<p>1995 Speciall\u00e6gernes Hus, Aarhus<\/p>\n<\/div>\n\n\n\n<div id=\"wp-block-themeisle-blocks-advanced-column-a1d2eaf4\" class=\"wp-block-themeisle-blocks-advanced-column\">\n<figure class=\"wp-block-image aligncenter size-full is-resized\"><img data-opt-id=1794089863  fetchpriority=\"high\" decoding=\"async\" width=\"2560\" height=\"2468\" src=\"https:\/\/mlwziiafuazo.i.optimole.com\/w:auto\/h:auto\/q:mauto\/ig:avif\/https:\/\/anitafrichot.com\/wp-content\/uploads\/2024\/03\/IMG_2491-scaled.jpeg\" alt=\"\" class=\"wp-image-923\" style=\"width:477px;height:auto\" srcset=\"https:\/\/mlwziiafuazo.i.optimole.com\/w:1120\/h:1080\/q:mauto\/ig:avif\/https:\/\/anitafrichot.com\/wp-content\/uploads\/2024\/03\/IMG_2491-scaled.jpeg 2560w, https:\/\/mlwziiafuazo.i.optimole.com\/w:300\/h:289\/q:mauto\/ig:avif\/https:\/\/anitafrichot.com\/wp-content\/uploads\/2024\/03\/IMG_2491-scaled.jpeg 300w, https:\/\/mlwziiafuazo.i.optimole.com\/w:1024\/h:987\/q:mauto\/ig:avif\/https:\/\/anitafrichot.com\/wp-content\/uploads\/2024\/03\/IMG_2491-scaled.jpeg 1024w, https:\/\/mlwziiafuazo.i.optimole.com\/w:768\/h:740\/q:mauto\/ig:avif\/https:\/\/anitafrichot.com\/wp-content\/uploads\/2024\/03\/IMG_2491-scaled.jpeg 768w, https:\/\/mlwziiafuazo.i.optimole.com\/w:1120\/h:1080\/q:mauto\/ig:avif\/https:\/\/anitafrichot.com\/wp-content\/uploads\/2024\/03\/IMG_2491-scaled.jpeg 1536w, https:\/\/mlwziiafuazo.i.optimole.com\/w:1120\/h:1080\/q:mauto\/ig:avif\/https:\/\/anitafrichot.com\/wp-content\/uploads\/2024\/03\/IMG_2491-scaled.jpeg 2048w\" sizes=\"(max-width: 1000px) 100vw, 1000px\" \/><\/figure>\n<\/div>\n<\/div><\/div>\n<\/div>\n","protected":false},"excerpt":{"rendered":"<p>Anita Frichot Kunst, innovation og entrepren\u00f8rskab Modtager af innovationspris v Otto Scharmer. Kunstudstillinger, udsmykningsopgaver, kuratering, grafisk kunst, tegning, mixed media, maleri. Undervisning inden for tegning, grafik, vejledning og p\u00e6dagogik. Ledelse, projektledelse, facilitering og evaluering. Tv\u00e6rfaglige og tv\u00e6rg\u00e5ende udviklingsprojekter. Alternative l\u00e6rings- og vejledningsmilj\u00f8er. Netv\u00e6rk og samarbejde. Vejledning og coaching. Kommunikation og formidling.<\/p>\n","protected":false},"author":1,"featured_media":0,"parent":0,"menu_order":0,"comment_status":"closed","ping_status":"closed","template":"","meta":{"_themeisle_gutenberg_block_has_review":false,"footnotes":"[]"},"class_list":["post-22","page","type-page","status-publish","hentry"],"_links":{"self":[{"href":"https:\/\/anitafrichot.com\/index.php\/wp-json\/wp\/v2\/pages\/22","targetHints":{"allow":["GET"]}}],"collection":[{"href":"https:\/\/anitafrichot.com\/index.php\/wp-json\/wp\/v2\/pages"}],"about":[{"href":"https:\/\/anitafrichot.com\/index.php\/wp-json\/wp\/v2\/types\/page"}],"author":[{"embeddable":true,"href":"https:\/\/anitafrichot.com\/index.php\/wp-json\/wp\/v2\/users\/1"}],"replies":[{"embeddable":true,"href":"https:\/\/anitafrichot.com\/index.php\/wp-json\/wp\/v2\/comments?post=22"}],"version-history":[{"count":43,"href":"https:\/\/anitafrichot.com\/index.php\/wp-json\/wp\/v2\/pages\/22\/revisions"}],"predecessor-version":[{"id":1533,"href":"https:\/\/anitafrichot.com\/index.php\/wp-json\/wp\/v2\/pages\/22\/revisions\/1533"}],"wp:attachment":[{"href":"https:\/\/anitafrichot.com\/index.php\/wp-json\/wp\/v2\/media?parent=22"}],"curies":[{"name":"wp","href":"https:\/\/api.w.org\/{rel}","templated":true}]}}